{"id":5353,"date":"2026-04-23T10:25:41","date_gmt":"2026-04-23T10:25:41","guid":{"rendered":"https:\/\/karriere.hameln-pyrmont.de\/index.php\/job\/900001142\/"},"modified":"2026-04-23T10:25:41","modified_gmt":"2026-04-23T10:25:41","slug":"900001142","status":"publish","type":"job_listing","link":"https:\/\/karriere.hameln-pyrmont.de\/index.php\/job\/900001142\/","title":{"rendered":"Sozialp\u00e4dagogische Fachkraft (m\/w\/d) im Team Sozialpsychiatrischer Dienst"},"content":{"rendered":"<p>Der <strong>Landkreis Hameln-Pyrmont<\/strong> sucht<strong> <\/strong>f\u00fcr sein Gesundheitsamt im <strong>Team Sozialpsychiatrischer Dienst<\/strong> zum n\u00e4chstm\u00f6glichen Zeitpunkt eine Sozialp\u00e4dagogische Fachkraft (m\/w\/d). Die Stellenbesetzung erfolgt <strong>unbefristet<\/strong> und in <strong>Vollzeit<\/strong>.<\/p>\n<p><br class=\"recruiting_text_separator\" \/><\/p>\n<h4 class=\"recruiting_text_heading text_heading_tasks\">Ihre wesentlichen Aufgaben<\/h4>\n<ul>\n<li>die Beratung von psychisch erkrankten Menschen und deren sozialem Umfeld<\/li>\n<li>die Krisenintervention in akuten seelischen Notsituationen<\/li>\n<li>aufsuchende Arbeit<\/li>\n<li>die Mitwirkung bei Schutzma\u00dfnahmen nach dem Nieders\u00e4chsischen Gesetz \u00fcber Hilfen und Schutzma\u00dfnahmen f\u00fcr psychisch Kranke (NPsychKG)<\/li>\n<li>Netzwerkarbeit<\/li>\n<\/ul>\n<p><br class=\"recruiting_text_separator\" \/><\/p>\n<h4 class=\"recruiting_text_heading text_heading_profile\">Ihre Kompetenzen<\/h4>\n<p>Sie bringen mit<\/p>\n<ul>\n<li>ein abgeschlossenes Studium der Sozialen Arbeit oder Sozialp\u00e4dagogik mit staatlicher Anerkennung<\/li>\n<li>Flexibilit\u00e4t und Belastbarkeit<\/li>\n<\/ul>\n<p>Idealerweise bringen Sie dar\u00fcber hinaus mit:<\/p>\n<ul>\n<li>Kenntnisse des NPsychKG, des Betreuungsrechts und der Angebote gemeindepsychiatrischer Hilfen<\/li>\n<li>praktische Erfahrungen im Umgang mit psychisch erkrankten Menschen<\/li>\n<li>bereits erlangte Einblicke in psychiatrische Krankheitsbilder unter Ber\u00fccksichtigung sozialpsychiatrischer Gesichtspunkte<\/li>\n<\/ul>\n<p>F\u00fcr T\u00e4tigkeiten im Au\u00dfendienst ist der Besitz des F\u00fchrerscheins der Klasse B erforderlich. Die Bereitschaft zur Bereitstellung des privateigenen Fahrzeuges f\u00fcr dienstliche Zwecke wird erwartet. Entstehende Kosten werden im Rahmen des Reisekostenrechts erstattet.<\/p>\n<p><br class=\"recruiting_text_separator\" \/><\/p>\n<h4 class=\"recruiting_text_heading text_heading_offer\">Wir bieten Ihnen<\/h4>\n<ul>\n<li>ein teamorientiertes Arbeiten mit w\u00f6chentlichen Teambesprechungen, regelm\u00e4\u00dfiger Supervision und individuellen Gestaltungsm\u00f6glichkeiten<\/li>\n<li>eine fortschrittliche Integration von neuen Mitarbeitenden im Rahmen unseres Onboardings<\/li>\n<li>eine F\u00f6rderung des Dialogs \u00fcber Mitarbeiterjahresgespr\u00e4che<\/li>\n<li>eine betriebliche Gesundheitsf\u00f6rderung<\/li>\n<li>Instrumente zur Vereinbarkeit von Familie und Beruf sowie<\/li>\n<li>Fortbildungsm\u00f6glichkeiten zur Weiterentwicklung Ihrer fachlichen und pers\u00f6nlichen Kompetenzen<\/li>\n<li>die M\u00f6glichkeit des Fahrradleasings<\/li>\n<li>attraktive Rabatte \u00fcber unser Corporate-Benefits-Portal sowie<\/li>\n<li>eine\u00a0<strong>unbefristete Vollzeitstelle<\/strong> verg\u00fctet nach <strong>Entgeltgruppe S14 TV\u00f6D<\/strong><\/li>\n<\/ul>\n<p>F\u00fcr weitere Informationen \u00fcber den Landkreis Hameln-Pyrmont als Arbeitgeber und Ihre Vorteile bei uns schauen Sie gerne auf unsere <a href=\"https:\/\/karriere.hameln-pyrmont.de\/\">Homepage<\/a>.<em>\u00a0\u00a0\u00a0\u00a0\u00a0\u00a0\u00a0\u00a0\u00a0\u00a0\u00a0\u00a0\u00a0\u00a0\u00a0\u00a0\u00a0\u00a0\u00a0\u00a0\u00a0\u00a0\u00a0\u00a0\u00a0\u00a0\u00a0\u00a0\u00a0\u00a0\u00a0\u00a0\u00a0\u00a0\u00a0 <\/em><\/p>\n<p>Die Arbeitsbedingungen richten sich nach dem Tarifvertrag f\u00fcr den \u00f6ffentlichen Dienst (TV\u00f6D). Die zus\u00e4tzliche Altersvorsorge erfolgt \u00fcber die Versorgungsanstalt des Bundes und der L\u00e4nder (VBL).<\/p>\n<p>Insgesamt steht eine volle Stelle zur Besetzung zur Verf\u00fcgung. Die Stelle ist teilzeitgeeignet, wenn sichergestellt werden kann, dass insgesamt eine nahezu volle Besetzung erm\u00f6glicht wird.<\/p>\n<p><br class=\"recruiting_text_separator\" \/><\/p>\n<h4 class=\"recruiting_text_heading text_heading_end\">Zur Bewerbung<\/h4>\n<p>Der Landkreis Hameln-Pyrmont ist ein familienfreundlicher Arbeitgeber mit einer zukunftsf\u00e4higen Unternehmenskultur (INQA). Wir f\u00f6rdern die berufliche Gleichstellung aller Mitarbeitenden sowie die Vielfalt der Besch\u00e4ftigten. Es geh\u00f6rt zu unserem Selbstverst\u00e4ndnis, dass Bewerber\/-innen mit Schwerbehinderung und ihnen gleichgestellte Personen bei gleicher Eignung besonders ber\u00fccksichtigt werden.<\/p>\n<p>Sollten Sie an einer Mitarbeit bei uns interessiert sein, freuen wir uns \u00fcber Ihre Bewerbung bis zum <strong>17.05.2026<\/strong> mit den \u00fcblichen Unterlagen. F\u00fcr Ihre Bewerbung nutzen Sie bitte unsere Online-Bewerbung. Sie finden die Stellenanzeige \u00fcber unsere Arbeitgeberhomepage unter <a href=\"https:\/\/karriere.hameln-pyrmont.de\/Stellenangebote-br-und-Bewerbung\/Offene-Stellen\/\">offene Stellen<\/a>.<\/p>\n<p>F\u00fcr telefonische Ausk\u00fcnfte zum Bewerbungsverfahren steht Ihnen Frau V\u00f6lker vom Amt f\u00fcr Personalmanagement unter der Telefonnummer 05151 903-1152 zur Verf\u00fcgung. Fragen zum Aufgabengebiet beantwortet Ihnen der kommissarische Leiter des Teams Sozialpsychiatrischer Dienst, Herr Stumme, unter der Telefonnummer 05151 903-5119.<\/p>\n","protected":false},"author":1,"featured_media":0,"template":"","meta":{"_acf_changed":false,"m31_post_job":{"nolis_id":"900001142","working_hours":"Vollzeit\/Teilzeit","category":"Soziales","job_category":"Gesundheit, Sport und Soziales","length":"unbefristet","hiring_date":"26.04.2026","created":"23.04.2026","salary_group":"TV\u00f6D-SuE S 14 - S 14"},"_promoted":"","_job_location":"31785 Hameln","_application":"https:\/\/bewerbung.hameln-pyrmont.de\/bewerbung\/stelle-900001142-12011.html?","_company_name":"","_company_website":"","_company_tagline":"","_company_twitter":"","_company_video":"","_filled":0,"_featured":0,"_remote_position":0,"_job_salary":"","_job_salary_currency":"","_job_salary_unit":""},"job-categories":[32],"job-types":[13,12],"job-skills":[44],"class_list":{"0":"post-5353","1":"job_listing","2":"type-job_listing","3":"status-publish","4":"hentry","5":"job_listing_type-part-time","6":"job_listing_type-full-time","7":"skill-fachkraefte","9":"job-type-teilzeit","10":"job-type-vollzeit"},"acf":[],"yoast_head":"<!-- This site is optimized with the Yoast SEO plugin v27.4 - https:\/\/yoast.com\/product\/yoast-seo-wordpress\/ -->\n<title>Sozialp\u00e4dagogische Fachkraft (m\/w\/d) im Team Sozialpsychiatrischer Dienst - Karriere Landkreis Hameln-Pyrmont<\/title>\n<meta name=\"robots\" content=\"index, follow, max-snippet:-1, max-image-preview:large, max-video-preview:-1\" \/>\n<link rel=\"canonical\" href=\"https:\/\/karriere.hameln-pyrmont.de\/index.php\/job\/900001142\/\" \/>\n<meta property=\"og:locale\" content=\"de_DE\" \/>\n<meta property=\"og:type\" content=\"article\" \/>\n<meta property=\"og:title\" content=\"Sozialp\u00e4dagogische Fachkraft (m\/w\/d) im Team Sozialpsychiatrischer Dienst - Karriere Landkreis Hameln-Pyrmont\" \/>\n<meta property=\"og:description\" content=\"Der Landkreis Hameln-Pyrmont sucht f\u00fcr sein Gesundheitsamt im Team Sozialpsychiatrischer Dienst zum n\u00e4chstm\u00f6glichen Zeitpunkt eine Sozialp\u00e4dagogische Fachkraft (m\/w\/d). Die Stellenbesetzung erfolgt unbefristet und in Vollzeit. Ihre wesentlichen Aufgaben die Beratung von psychisch erkrankten Menschen und deren sozialem Umfeld die Krisenintervention in akuten seelischen Notsituationen aufsuchende Arbeit die Mitwirkung bei Schutzma\u00dfnahmen nach dem Nieders\u00e4chsischen Gesetz \u00fcber [&hellip;]\" \/>\n<meta property=\"og:url\" content=\"https:\/\/karriere.hameln-pyrmont.de\/index.php\/job\/900001142\/\" \/>\n<meta property=\"og:site_name\" content=\"Karriere Landkreis Hameln-Pyrmont\" \/>\n<meta name=\"twitter:card\" content=\"summary_large_image\" \/>\n<meta name=\"twitter:label1\" content=\"Gesch\u00e4tzte Lesezeit\" \/>\n\t<meta name=\"twitter:data1\" content=\"2\u00a0Minuten\" \/>\n<script type=\"application\/ld+json\" class=\"yoast-schema-graph\">{\"@context\":\"https:\\\/\\\/schema.org\",\"@graph\":[{\"@type\":\"WebPage\",\"@id\":\"https:\\\/\\\/karriere.hameln-pyrmont.de\\\/index.php\\\/job\\\/900001142\\\/\",\"url\":\"https:\\\/\\\/karriere.hameln-pyrmont.de\\\/index.php\\\/job\\\/900001142\\\/\",\"name\":\"Sozialp\u00e4dagogische Fachkraft (m\\\/w\\\/d) im Team Sozialpsychiatrischer Dienst - Karriere Landkreis Hameln-Pyrmont\",\"isPartOf\":{\"@id\":\"https:\\\/\\\/karriere.hameln-pyrmont.de\\\/#website\"},\"datePublished\":\"2026-04-23T10:25:41+00:00\",\"breadcrumb\":{\"@id\":\"https:\\\/\\\/karriere.hameln-pyrmont.de\\\/index.php\\\/job\\\/900001142\\\/#breadcrumb\"},\"inLanguage\":\"de\",\"potentialAction\":[{\"@type\":\"ReadAction\",\"target\":[\"https:\\\/\\\/karriere.hameln-pyrmont.de\\\/index.php\\\/job\\\/900001142\\\/\"]}]},{\"@type\":\"BreadcrumbList\",\"@id\":\"https:\\\/\\\/karriere.hameln-pyrmont.de\\\/index.php\\\/job\\\/900001142\\\/#breadcrumb\",\"itemListElement\":[{\"@type\":\"ListItem\",\"position\":1,\"name\":\"Startseite\",\"item\":\"https:\\\/\\\/karriere.hameln-pyrmont.de\\\/\"},{\"@type\":\"ListItem\",\"position\":2,\"name\":\"Sozialp\u00e4dagogische Fachkraft (m\\\/w\\\/d) im Team Sozialpsychiatrischer Dienst\"}]},{\"@type\":\"WebSite\",\"@id\":\"https:\\\/\\\/karriere.hameln-pyrmont.de\\\/#website\",\"url\":\"https:\\\/\\\/karriere.hameln-pyrmont.de\\\/\",\"name\":\"Karriere Landkreis Hameln-Pyrmont\",\"description\":\"\",\"publisher\":{\"@id\":\"https:\\\/\\\/karriere.hameln-pyrmont.de\\\/#organization\"},\"potentialAction\":[{\"@type\":\"SearchAction\",\"target\":{\"@type\":\"EntryPoint\",\"urlTemplate\":\"https:\\\/\\\/karriere.hameln-pyrmont.de\\\/?s={search_term_string}\"},\"query-input\":{\"@type\":\"PropertyValueSpecification\",\"valueRequired\":true,\"valueName\":\"search_term_string\"}}],\"inLanguage\":\"de\"},{\"@type\":\"Organization\",\"@id\":\"https:\\\/\\\/karriere.hameln-pyrmont.de\\\/#organization\",\"name\":\"Karriere Landkreis Hameln-Pyrmont\",\"url\":\"https:\\\/\\\/karriere.hameln-pyrmont.de\\\/\",\"logo\":{\"@type\":\"ImageObject\",\"inLanguage\":\"de\",\"@id\":\"https:\\\/\\\/karriere.hameln-pyrmont.de\\\/#\\\/schema\\\/logo\\\/image\\\/\",\"url\":\"https:\\\/\\\/karriere.hameln-pyrmont.de\\\/wp-content\\\/uploads\\\/2025\\\/03\\\/logo_landkreis-hameln-pyrmont.png\",\"contentUrl\":\"https:\\\/\\\/karriere.hameln-pyrmont.de\\\/wp-content\\\/uploads\\\/2025\\\/03\\\/logo_landkreis-hameln-pyrmont.png\",\"width\":600,\"height\":345,\"caption\":\"Karriere Landkreis Hameln-Pyrmont\"},\"image\":{\"@id\":\"https:\\\/\\\/karriere.hameln-pyrmont.de\\\/#\\\/schema\\\/logo\\\/image\\\/\"}}]}<\/script>\n<!-- \/ Yoast SEO plugin. -->","yoast_head_json":{"title":"Sozialp\u00e4dagogische Fachkraft (m\/w\/d) im Team Sozialpsychiatrischer Dienst - Karriere Landkreis Hameln-Pyrmont","robots":{"index":"index","follow":"follow","max-snippet":"max-snippet:-1","max-image-preview":"max-image-preview:large","max-video-preview":"max-video-preview:-1"},"canonical":"https:\/\/karriere.hameln-pyrmont.de\/index.php\/job\/900001142\/","og_locale":"de_DE","og_type":"article","og_title":"Sozialp\u00e4dagogische Fachkraft (m\/w\/d) im Team Sozialpsychiatrischer Dienst - Karriere Landkreis Hameln-Pyrmont","og_description":"Der Landkreis Hameln-Pyrmont sucht f\u00fcr sein Gesundheitsamt im Team Sozialpsychiatrischer Dienst zum n\u00e4chstm\u00f6glichen Zeitpunkt eine Sozialp\u00e4dagogische Fachkraft (m\/w\/d). Die Stellenbesetzung erfolgt unbefristet und in Vollzeit. Ihre wesentlichen Aufgaben die Beratung von psychisch erkrankten Menschen und deren sozialem Umfeld die Krisenintervention in akuten seelischen Notsituationen aufsuchende Arbeit die Mitwirkung bei Schutzma\u00dfnahmen nach dem Nieders\u00e4chsischen Gesetz \u00fcber [&hellip;]","og_url":"https:\/\/karriere.hameln-pyrmont.de\/index.php\/job\/900001142\/","og_site_name":"Karriere Landkreis Hameln-Pyrmont","twitter_card":"summary_large_image","twitter_misc":{"Gesch\u00e4tzte Lesezeit":"2\u00a0Minuten"},"schema":{"@context":"https:\/\/schema.org","@graph":[{"@type":"WebPage","@id":"https:\/\/karriere.hameln-pyrmont.de\/index.php\/job\/900001142\/","url":"https:\/\/karriere.hameln-pyrmont.de\/index.php\/job\/900001142\/","name":"Sozialp\u00e4dagogische Fachkraft (m\/w\/d) im Team Sozialpsychiatrischer Dienst - Karriere Landkreis Hameln-Pyrmont","isPartOf":{"@id":"https:\/\/karriere.hameln-pyrmont.de\/#website"},"datePublished":"2026-04-23T10:25:41+00:00","breadcrumb":{"@id":"https:\/\/karriere.hameln-pyrmont.de\/index.php\/job\/900001142\/#breadcrumb"},"inLanguage":"de","potentialAction":[{"@type":"ReadAction","target":["https:\/\/karriere.hameln-pyrmont.de\/index.php\/job\/900001142\/"]}]},{"@type":"BreadcrumbList","@id":"https:\/\/karriere.hameln-pyrmont.de\/index.php\/job\/900001142\/#breadcrumb","itemListElement":[{"@type":"ListItem","position":1,"name":"Startseite","item":"https:\/\/karriere.hameln-pyrmont.de\/"},{"@type":"ListItem","position":2,"name":"Sozialp\u00e4dagogische Fachkraft (m\/w\/d) im Team Sozialpsychiatrischer Dienst"}]},{"@type":"WebSite","@id":"https:\/\/karriere.hameln-pyrmont.de\/#website","url":"https:\/\/karriere.hameln-pyrmont.de\/","name":"Karriere Landkreis Hameln-Pyrmont","description":"","publisher":{"@id":"https:\/\/karriere.hameln-pyrmont.de\/#organization"},"potentialAction":[{"@type":"SearchAction","target":{"@type":"EntryPoint","urlTemplate":"https:\/\/karriere.hameln-pyrmont.de\/?s={search_term_string}"},"query-input":{"@type":"PropertyValueSpecification","valueRequired":true,"valueName":"search_term_string"}}],"inLanguage":"de"},{"@type":"Organization","@id":"https:\/\/karriere.hameln-pyrmont.de\/#organization","name":"Karriere Landkreis Hameln-Pyrmont","url":"https:\/\/karriere.hameln-pyrmont.de\/","logo":{"@type":"ImageObject","inLanguage":"de","@id":"https:\/\/karriere.hameln-pyrmont.de\/#\/schema\/logo\/image\/","url":"https:\/\/karriere.hameln-pyrmont.de\/wp-content\/uploads\/2025\/03\/logo_landkreis-hameln-pyrmont.png","contentUrl":"https:\/\/karriere.hameln-pyrmont.de\/wp-content\/uploads\/2025\/03\/logo_landkreis-hameln-pyrmont.png","width":600,"height":345,"caption":"Karriere Landkreis Hameln-Pyrmont"},"image":{"@id":"https:\/\/karriere.hameln-pyrmont.de\/#\/schema\/logo\/image\/"}}]}},"_links":{"self":[{"href":"https:\/\/karriere.hameln-pyrmont.de\/index.php\/wp-json\/wp\/v2\/job-listings\/5353","targetHints":{"allow":["GET"]}}],"collection":[{"href":"https:\/\/karriere.hameln-pyrmont.de\/index.php\/wp-json\/wp\/v2\/job-listings"}],"about":[{"href":"https:\/\/karriere.hameln-pyrmont.de\/index.php\/wp-json\/wp\/v2\/types\/job_listing"}],"author":[{"embeddable":true,"href":"https:\/\/karriere.hameln-pyrmont.de\/index.php\/wp-json\/wp\/v2\/users\/1"}],"version-history":[{"count":0,"href":"https:\/\/karriere.hameln-pyrmont.de\/index.php\/wp-json\/wp\/v2\/job-listings\/5353\/revisions"}],"wp:attachment":[{"href":"https:\/\/karriere.hameln-pyrmont.de\/index.php\/wp-json\/wp\/v2\/media?parent=5353"}],"wp:term":[{"taxonomy":"job_listing_category","embeddable":true,"href":"https:\/\/karriere.hameln-pyrmont.de\/index.php\/wp-json\/wp\/v2\/job-categories?post=5353"},{"taxonomy":"job_listing_type","embeddable":true,"href":"https:\/\/karriere.hameln-pyrmont.de\/index.php\/wp-json\/wp\/v2\/job-types?post=5353"},{"taxonomy":"skill","embeddable":true,"href":"https:\/\/karriere.hameln-pyrmont.de\/index.php\/wp-json\/wp\/v2\/job-skills?post=5353"}],"curies":[{"name":"wp","href":"https:\/\/api.w.org\/{rel}","templated":true}]}}